

{"id":333,"date":"2016-11-21T14:27:45","date_gmt":"2016-11-21T13:27:45","guid":{"rendered":"http:\/\/colibri-interactive.com\/themes\/organicwebshop\/?page_id=333"},"modified":"2022-12-14T18:26:10","modified_gmt":"2022-12-14T17:26:10","slug":"home2","status":"publish","type":"page","link":"https:\/\/www.patisserie-blanleil.fr\/?page_id=333&lang=fr","title":{"rendered":"Accueil"},"content":{"rendered":"<p>[vc_row content_placement=\u00a0\u00bbtop\u00a0\u00bb][vc_column]\n\t\t\t<!-- START FRANCAIS REVOLUTION SLIDER 6.5.31 --><p class=\"rs-p-wp-fix\"><\/p>\n\t\t\t<rs-module-wrap id=\"rev_slider_8_1_wrapper\" data-source=\"gallery\" style=\"visibility:hidden;background:#E9E9E9;padding:0;margin:0px auto;margin-top:0;margin-bottom:0;\">\n\t\t\t\t<rs-module id=\"rev_slider_8_1\" style=\"\" data-version=\"6.5.31\">\n\t\t\t\t\t<rs-slides>\n\t\t\t\t\t\t<rs-slide style=\"position: absolute;\" data-key=\"rs-37\" data-title=\"Tasse a caf\u00e9\" data-thumb=\"\/\/www.patisserie-blanleil.fr\/wp-content\/uploads\/2016\/04\/figue-cafe-1680x650-100x50.jpg\" data-duration=\"6010\" data-anim=\"r:0;\" data-in=\"o:0;\" data-out=\"a:false;\">\n\t\t\t\t\t\t\t<img decoding=\"async\" src=\"\/\/www.patisserie-blanleil.fr\/wp-content\/plugins\/revslider\/public\/assets\/assets\/dummy.png\" alt=\"\" title=\"Accueil\" class=\"rev-slidebg tp-rs-img rs-lazyload\" data-lazyload=\"\/\/www.patisserie-blanleil.fr\/wp-content\/uploads\/2016\/04\/figue-cafe-1680x650.jpg\" data-bg=\"p:right center;\" data-no-retina>\n<!--\n\t\t\t\t\t\t\t--><rs-layer\n\t\t\t\t\t\t\t\tid=\"slider-8-slide-37-layer-2\" \n\t\t\t\t\t\t\t\tclass=\"slide3_text\"\n\t\t\t\t\t\t\t\tdata-type=\"text\"\n\t\t\t\t\t\t\t\tdata-color=\"rgba(255,255,255,1)\"\n\t\t\t\t\t\t\t\tdata-rsp_ch=\"on\"\n\t\t\t\t\t\t\t\tdata-xy=\"x:849px;y:431px;\"\n\t\t\t\t\t\t\t\tdata-text=\"s:48;fw:600;\"\n\t\t\t\t\t\t\t\tdata-frame_1=\"st:410;sp:460;\"\n\t\t\t\t\t\t\t\tdata-frame_999=\"st:5908.125;sp:1.875;auto:true;\"\n\t\t\t\t\t\t\t\tstyle=\"z-index:5;font-family:'Helvetica', 'Arial', 'sans-serif';text-shadow:0 1px 1px rgba(0,0,0,.2);\"\n\t\t\t\t\t\t\t>La Figue de Bourg \n\t\t\t\t\t\t\t<\/rs-layer><!--\n\n\t\t\t\t\t\t\t--><rs-layer\n\t\t\t\t\t\t\t\tid=\"slider-8-slide-37-layer-3\" \n\t\t\t\t\t\t\t\tclass=\"slide3_text\"\n\t\t\t\t\t\t\t\tdata-type=\"text\"\n\t\t\t\t\t\t\t\tdata-color=\"rgba(255,255,255,1)\"\n\t\t\t\t\t\t\t\tdata-rsp_ch=\"on\"\n\t\t\t\t\t\t\t\tdata-xy=\"x:852px;y:501px;\"\n\t\t\t\t\t\t\t\tdata-text=\"s:28;fw:600;\"\n\t\t\t\t\t\t\t\tdata-frame_1=\"st:1460;sp:700;\"\n\t\t\t\t\t\t\t\tdata-frame_999=\"st:5908.125;sp:1.875;auto:true;\"\n\t\t\t\t\t\t\t\tstyle=\"z-index:5;font-family:'Helvetica', 'Arial', 'sans-serif';text-shadow:0 1px 1px rgba(0,0,0,.2);\"\n\t\t\t\t\t\t\t>Une confiserie unique \n\t\t\t\t\t\t\t<\/rs-layer><!--\n\n\t\t\t\t\t\t\t--><rs-layer\n\t\t\t\t\t\t\t\tid=\"slider-8-slide-37-layer-4\" \n\t\t\t\t\t\t\t\tclass=\"slide3_btn\"\n\t\t\t\t\t\t\t\tdata-type=\"button\"\n\t\t\t\t\t\t\t\tdata-color=\"rgba(255,255,255,1)\"\n\t\t\t\t\t\t\t\tdata-rsp_ch=\"on\"\n\t\t\t\t\t\t\t\tdata-xy=\"x:852px;y:556px;\"\n\t\t\t\t\t\t\t\tdata-text=\"s:18;fw:600;a:center;\"\n\t\t\t\t\t\t\t\tdata-actions='o:click;a:simplelink;target:_self;url:https:\/\/www.patisserie-blanleil.fr\/?page_id=551&lang=fr;'\n\t\t\t\t\t\t\t\tdata-padding=\"t:15;r:50;b:15;l:50;\"\n\t\t\t\t\t\t\t\tdata-border=\"bos:solid;boc:rgba(255,255,255,1);bow:2px,2px,2px,2px;bor:4px,4px,4px,4px;\"\n\t\t\t\t\t\t\t\tdata-frame_1=\"st:3160;sp:530;\"\n\t\t\t\t\t\t\t\tdata-frame_999=\"st:5908.125;sp:1.875;auto:true;\"\n\t\t\t\t\t\t\t\tstyle=\"z-index:7;background-color:rgba(255,255,255,0.10);font-family:'Arial', 'Helvetica', 'sans-serif';\"\n\t\t\t\t\t\t\t>DECOUVRIR \n\t\t\t\t\t\t\t<\/rs-layer><!--\n-->\t\t\t\t\t\t<\/rs-slide>\n\t\t\t\t\t\t<rs-slide style=\"position: absolute;\" data-key=\"rs-34\" data-title=\"Sucre glace\" data-thumb=\"\/\/www.patisserie-blanleil.fr\/wp-content\/uploads\/2016\/04\/figue-de-bourg-sucre-1680x900-100x50.jpg\" data-duration=\"5990\" data-anim=\"r:0;\" data-in=\"o:0;\" data-out=\"a:false;\">\n\t\t\t\t\t\t\t<img decoding=\"async\" src=\"\/\/www.patisserie-blanleil.fr\/wp-content\/plugins\/revslider\/public\/assets\/assets\/dummy.png\" alt=\"\" title=\"Accueil\" class=\"rev-slidebg tp-rs-img rs-lazyload\" data-lazyload=\"\/\/www.patisserie-blanleil.fr\/wp-content\/uploads\/2016\/04\/figue-de-bourg-sucre-1680x900.jpg\" data-bg=\"p:center top;\" data-no-retina>\n<!--\n\t\t\t\t\t\t\t--><rs-layer\n\t\t\t\t\t\t\t\tid=\"slider-8-slide-34-layer-6\" \n\t\t\t\t\t\t\t\tclass=\"slide2_text\"\n\t\t\t\t\t\t\t\tdata-type=\"text\"\n\t\t\t\t\t\t\t\tdata-color=\"rgba(255,255,255,1)\"\n\t\t\t\t\t\t\t\tdata-rsp_ch=\"on\"\n\t\t\t\t\t\t\t\tdata-xy=\"x:c;xo:-409px;y:180px;\"\n\t\t\t\t\t\t\t\tdata-text=\"w:normal;s:48;l:22;fw:600;\"\n\t\t\t\t\t\t\t\tdata-dim=\"w:512px;h:46px;\"\n\t\t\t\t\t\t\t\tdata-frame_1=\"e:power2.inOut;\"\n\t\t\t\t\t\t\t\tdata-frame_999=\"o:0;e:nothing;st:5948.125;sp:1.875;\"\n\t\t\t\t\t\t\t\tstyle=\"z-index:5;font-family:'Helvetica', 'Arial', 'sans-serif';text-shaddow:0 1px 1px rgba(0,0,0,.44);\"\n\t\t\t\t\t\t\t>Un fruit d'exception \n\t\t\t\t\t\t\t<\/rs-layer><!--\n\n\t\t\t\t\t\t\t--><rs-layer\n\t\t\t\t\t\t\t\tid=\"slider-8-slide-34-layer-7\" \n\t\t\t\t\t\t\t\tdata-type=\"text\"\n\t\t\t\t\t\t\t\tdata-color=\"rgba(255,255,255,1)\"\n\t\t\t\t\t\t\t\tdata-rsp_ch=\"on\"\n\t\t\t\t\t\t\t\tdata-xy=\"x:181px;y:231px;\"\n\t\t\t\t\t\t\t\tdata-text=\"w:normal;s:28;l:28;\"\n\t\t\t\t\t\t\t\tdata-dim=\"w:306px;\"\n\t\t\t\t\t\t\t\tdata-frame_1=\"e:power2.inOut;st:300;\"\n\t\t\t\t\t\t\t\tdata-frame_999=\"o:0;e:nothing;st:5860;sp:30;\"\n\t\t\t\t\t\t\t\tstyle=\"z-index:5;font-family:'Roboto';\"\n\t\t\t\t\t\t\t>Une recette historique \n\t\t\t\t\t\t\t<\/rs-layer><!--\n-->\t\t\t\t\t\t<\/rs-slide>\n\t\t\t\t\t\t<rs-slide style=\"position: absolute;\" data-key=\"rs-35\" data-title=\"Mains\" data-thumb=\"\/\/www.patisserie-blanleil.fr\/wp-content\/uploads\/2016\/04\/figue-de-bourg-mains-1920x650-100x50.jpg\" data-anim=\"r:0;\" data-in=\"o:0;\" data-out=\"a:false;\">\n\t\t\t\t\t\t\t<img decoding=\"async\" src=\"\/\/www.patisserie-blanleil.fr\/wp-content\/plugins\/revslider\/public\/assets\/assets\/dummy.png\" alt=\"\" title=\"Accueil\" class=\"rev-slidebg tp-rs-img rs-lazyload\" data-lazyload=\"\/\/www.patisserie-blanleil.fr\/wp-content\/uploads\/2016\/04\/figue-de-bourg-mains-1920x650.jpg\" data-bg=\"p:center top;\" data-no-retina>\n<!--\n\t\t\t\t\t\t\t--><rs-layer\n\t\t\t\t\t\t\t\tid=\"slider-8-slide-35-layer-2\" \n\t\t\t\t\t\t\t\tclass=\"slide2_text\"\n\t\t\t\t\t\t\t\tdata-type=\"text\"\n\t\t\t\t\t\t\t\tdata-color=\"rgba(255,255,255,1)\"\n\t\t\t\t\t\t\t\tdata-rsp_ch=\"on\"\n\t\t\t\t\t\t\t\tdata-xy=\"x:c;xo:488px;y:164px;\"\n\t\t\t\t\t\t\t\tdata-text=\"w:normal;s:48;l:45;fw:600;\"\n\t\t\t\t\t\t\t\tdata-dim=\"w:382px;\"\n\t\t\t\t\t\t\t\tdata-frame_1=\"st:780;sp:500;\"\n\t\t\t\t\t\t\t\tdata-frame_999=\"st:5960;sp:340;auto:true;\"\n\t\t\t\t\t\t\t\tstyle=\"z-index:5;font-family:'Helvetica', 'Arial', 'sans-serif';text-shaddow:0 1px 1px rgba(0,0,0,.44);\"\n\t\t\t\t\t\t\t>Confiserie 100% artisanale \n\t\t\t\t\t\t\t<\/rs-layer><!--\n-->\t\t\t\t\t\t<\/rs-slide>\n\t\t\t\t\t<\/rs-slides>\n\t\t\t\t\t<rs-static-layers class=\"rs-stl-visible\"><!--\n\t\t\t\t\t--><\/rs-static-layers>\n\t\t\t\t<\/rs-module>\n\t\t\t\t<script>\n\t\t\t\t\tsetREVStartSize({c: 'rev_slider_8_1',rl:[1240,1024,778,480],el:[650],gw:[1680],gh:[650],type:'standard',justify:'',layout:'fullwidth',mh:\"0\"});if (window.RS_MODULES!==undefined && window.RS_MODULES.modules!==undefined && window.RS_MODULES.modules[\"revslider81\"]!==undefined) {window.RS_MODULES.modules[\"revslider81\"].once = false;window.revapi8 = undefined;if (window.RS_MODULES.checkMinimal!==undefined) window.RS_MODULES.checkMinimal()}\n\t\t\t\t<\/script>\n\t\t\t<\/rs-module-wrap>\n\t\t\t<!-- END REVOLUTION SLIDER -->\n[\/vc_column][\/vc_row][vc_row][vc_column width=\u00a0\u00bb1\/3&Prime;][vc_column_text]<\/p>\n<h4><img loading=\"lazy\" decoding=\"async\" class=\"alignnone size-full wp-image-324 aligncenter\" src=\"https:\/\/www.patisserie-blanleil.fr\/wp-content\/uploads\/2016\/04\/icone-coeur.png\" alt=\"100% artisanal\" width=\"51\" height=\"51\" \/><\/h4>\n<h4 style=\"text-align: center;\">100%\u00a0artisanal<\/h4>\n<p style=\"text-align: center;\">Nos produits sont confectionn\u00e9s sur place et garantis sans cong\u00e9lation, nous vous garantissons toujours un produit artisanal.<\/p>\n<p>[\/vc_column_text][\/vc_column][vc_column width=\u00a0\u00bb1\/3&Prime;][vc_column_text]<\/p>\n<h4><img loading=\"lazy\" decoding=\"async\" class=\"alignnone size-full wp-image-330 aligncenter\" src=\"https:\/\/www.patisserie-blanleil.fr\/wp-content\/uploads\/2016\/04\/icone-camion.png\" alt=\"Livraison express\" width=\"51\" height=\"51\" \/><\/h4>\n<h4 style=\"text-align: center;\">Exp\u00e9di\u00e9 sous\u00a024h<\/h4>\n<p style=\"text-align: center;\">Tous nos produits sont\u00a0exp\u00e9di\u00e9s le jour m\u00eame, pour que vous les d\u00e9gustiez comme si vous les aviez achet\u00e9s en boutique.<\/p>\n<p>[\/vc_column_text][\/vc_column][vc_column width=\u00a0\u00bb1\/3&Prime;][vc_column_text]<\/p>\n<h4><img loading=\"lazy\" decoding=\"async\" class=\"alignnone size-full wp-image-330 aligncenter\" src=\"https:\/\/www.patisserie-blanleil.fr\/wp-content\/uploads\/2016\/04\/icone-telephone.png\" alt=\"Contactez-nous\" width=\"51\" height=\"51\" \/><\/h4>\n<h4 style=\"text-align: center;\">Une question ?<\/h4>\n<p style=\"text-align: center;\">Nous sommes \u00e0 votre disposition par t\u00e9l\u00e9phone, n&rsquo;h\u00e9sitez pas \u00e0 nous appeler si vous souhaitez en savoir plus sur nos produits et prestations.<\/p>\n<p>[\/vc_column_text][\/vc_column][\/vc_row][vc_row css=\u00a0\u00bb.vc_custom_1461066714880{margin-top: 20px !important;}\u00a0\u00bb][vc_column][vc_text_separator title=\u00a0\u00bbConfiserie\u00a0\u00bb el_class=\u00a0\u00bbci-themecolor2&Prime;][vc_column_text]<div class=\"woocommerce columns-3 \"><ul class=\"products columns-3\">\n\t\t\t\t<li class=\"std col-xs-12 col-sm-6 col-md-4 first post-92 product type-product status-publish has-post-thumbnail product_cat-confiserie  instock taxable shipping-taxable product-type-variable has-default-attributes\">\n\t<div class=\"ci-product\">\n\n\t\t<a href=\"https:\/\/www.patisserie-blanleil.fr\/?product=la-figue-de-bourg&#038;lang=fr\" class=\"woocommerce-LoopProduct-link woocommerce-loop-product__link\">\n\t\t<a href=\"https:\/\/www.patisserie-blanleil.fr\/?product=la-figue-de-bourg&#038;lang=fr\" class=\"ci-product-img-container\">\n\t\t\t<img loading=\"lazy\" decoding=\"async\" width=\"300\" height=\"300\" src=\"https:\/\/www.patisserie-blanleil.fr\/wp-content\/uploads\/2016\/04\/figue-de-bourg-1-500x500-300x300.jpg\" class=\"attachment-woocommerce_thumbnail size-woocommerce_thumbnail\" alt=\"Figue de Bourg\" srcset=\"https:\/\/www.patisserie-blanleil.fr\/wp-content\/uploads\/2016\/04\/figue-de-bourg-1-500x500-300x300.jpg 300w, https:\/\/www.patisserie-blanleil.fr\/wp-content\/uploads\/2016\/04\/figue-de-bourg-1-500x500-100x100.jpg 100w, https:\/\/www.patisserie-blanleil.fr\/wp-content\/uploads\/2016\/04\/figue-de-bourg-1-500x500-150x150.jpg 150w, https:\/\/www.patisserie-blanleil.fr\/wp-content\/uploads\/2016\/04\/figue-de-bourg-1-500x500.jpg 500w\" sizes=\"auto, (max-width: 300px) 100vw, 300px\" \/>\t\t<\/a>\n\t\t<div class=\"ci-product-meta\">\n\n\t\t\t<div class=\"ci-producttitle-container\">\n\t\t\t\t<div class=\"ci-title-shop\">\n\t\t\t\t\t<a href=\"https:\/\/www.patisserie-blanleil.fr\/?product=la-figue-de-bourg&#038;lang=fr\" class=\"ci-title-shop-link\">\n\t\t\t\t\t\t<h3>La Figue de Bourg<\/h3>\n\t\t\t\t\t<\/a>\n\t\t\t\t\t<div class=\"posted_in\"><a href=\"https:\/\/www.patisserie-blanleil.fr\/?product_cat=confiserie&#038;lang=fr\" rel=\"tag\">Confiserie<\/a><\/div>\t\t\t\t\t<span class=\"ci-shortdesc-container\">\n\t\t\t\t\t\t<p>Savoureux m\u00e9lange de p\u00e2tes d&rsquo;amande, figue, chocolat blanc et alcool de figue.<\/p>\n\t\t\t\t\t<\/span>\n\t\t\t\t<\/div>\n\t\t\t<\/div>\n\t\t\t<div class=\"ci-price ci-action-container\">\n\t\t\t\t<div class=\"ci-action-price-container\">\n\t\t\t\t\t\n\t\t\t\t<\/div>\n\t\t\t\t<div class=\"ci-action-cartlink-container\">\n\t\t\t\t\t\t\t\t\t\t\t\t\t\t\t<a href=\"https:\/\/www.patisserie-blanleil.fr\/?product=la-figue-de-bourg&amp;lang=fr\" rel=\"nofollow\" data-product_id=\"80\" data-product_sku=\"\" data-quantity=\"1\" class=\"button  product_type_variable\">\n\t\t\t\t\t\t<div class=\"icon-cart\"><\/div>\n\t\t\t\t\t<\/a>\n\t\t\t\t<\/div>\n\t\t\t<\/div>\n\t\t\t<span class=\"ci-clear\"><\/span>\n\t\t<\/div>\n\t\t<span class=\"ci-clear\"><\/span>\n\n\t<\/div>\n<\/li>\t\t\t\t<li class=\"std col-xs-12 col-sm-6 col-md-4 last post-143 product type-product status-publish has-post-thumbnail product_cat-confiserie first instock taxable shipping-taxable product-type-variable has-default-attributes\">\n\t<div class=\"ci-product\">\n\n\t\t<a href=\"https:\/\/www.patisserie-blanleil.fr\/?product=raisins-de-sauterne&#038;lang=fr\" class=\"woocommerce-LoopProduct-link woocommerce-loop-product__link\">\n\t\t<a href=\"https:\/\/www.patisserie-blanleil.fr\/?product=raisins-de-sauterne&#038;lang=fr\" class=\"ci-product-img-container\">\n\t\t\t<img loading=\"lazy\" decoding=\"async\" width=\"300\" height=\"300\" src=\"https:\/\/www.patisserie-blanleil.fr\/wp-content\/uploads\/2016\/03\/raisins-de-sauternes-poche-ballotin-vrac-bocal-500x500-300x300.jpg\" class=\"attachment-woocommerce_thumbnail size-woocommerce_thumbnail\" alt=\"Raisins de Sauternes\" srcset=\"https:\/\/www.patisserie-blanleil.fr\/wp-content\/uploads\/2016\/03\/raisins-de-sauternes-poche-ballotin-vrac-bocal-500x500-300x300.jpg 300w, https:\/\/www.patisserie-blanleil.fr\/wp-content\/uploads\/2016\/03\/raisins-de-sauternes-poche-ballotin-vrac-bocal-500x500-100x100.jpg 100w, https:\/\/www.patisserie-blanleil.fr\/wp-content\/uploads\/2016\/03\/raisins-de-sauternes-poche-ballotin-vrac-bocal-500x500-150x150.jpg 150w, https:\/\/www.patisserie-blanleil.fr\/wp-content\/uploads\/2016\/03\/raisins-de-sauternes-poche-ballotin-vrac-bocal-500x500.jpg 500w\" sizes=\"auto, (max-width: 300px) 100vw, 300px\" \/>\t\t<\/a>\n\t\t<div class=\"ci-product-meta\">\n\n\t\t\t<div class=\"ci-producttitle-container\">\n\t\t\t\t<div class=\"ci-title-shop\">\n\t\t\t\t\t<a href=\"https:\/\/www.patisserie-blanleil.fr\/?product=raisins-de-sauterne&#038;lang=fr\" class=\"ci-title-shop-link\">\n\t\t\t\t\t\t<h3>Raisins de Sauternes<\/h3>\n\t\t\t\t\t<\/a>\n\t\t\t\t\t<div class=\"posted_in\"><a href=\"https:\/\/www.patisserie-blanleil.fr\/?product_cat=confiserie&#038;lang=fr\" rel=\"tag\">Confiserie<\/a><\/div>\t\t\t\t\t<span class=\"ci-shortdesc-container\">\n\t\t\t\t\t\t<p>D\u00e9licieux grains de raisins mac\u00e9r\u00e9s au Sauternes et enrob\u00e9s de chocolat noir : gouteux et moelleux.<\/p>\n\t\t\t\t\t<\/span>\n\t\t\t\t<\/div>\n\t\t\t<\/div>\n\t\t\t<div class=\"ci-price ci-action-container\">\n\t\t\t\t<div class=\"ci-action-price-container\">\n\t\t\t\t\t\n\t\t\t\t<\/div>\n\t\t\t\t<div class=\"ci-action-cartlink-container\">\n\t\t\t\t\t\t\t\t\t\t\t\t\t\t\t<a href=\"https:\/\/www.patisserie-blanleil.fr\/?product=raisins-de-sauterne&amp;lang=fr\" rel=\"nofollow\" data-product_id=\"80\" data-product_sku=\"\" data-quantity=\"1\" class=\"button  product_type_variable\">\n\t\t\t\t\t\t<div class=\"icon-cart\"><\/div>\n\t\t\t\t\t<\/a>\n\t\t\t\t<\/div>\n\t\t\t<\/div>\n\t\t\t<span class=\"ci-clear\"><\/span>\n\t\t<\/div>\n\t\t<span class=\"ci-clear\"><\/span>\n\n\t<\/div>\n<\/li>\t\t\t\t<li class=\"std col-xs-12 col-sm-6 col-md-4 post-462 product type-product status-publish has-post-thumbnail product_cat-confiserie last instock featured taxable shipping-taxable product-type-variable has-default-attributes\">\n\t<div class=\"ci-product\">\n\n\t\t<a href=\"https:\/\/www.patisserie-blanleil.fr\/?product=chocolats&#038;lang=fr\" class=\"woocommerce-LoopProduct-link woocommerce-loop-product__link\">\n\t\t<a href=\"https:\/\/www.patisserie-blanleil.fr\/?product=chocolats&#038;lang=fr\" class=\"ci-product-img-container\">\n\t\t\t<img loading=\"lazy\" decoding=\"async\" width=\"300\" height=\"300\" src=\"https:\/\/www.patisserie-blanleil.fr\/wp-content\/uploads\/2016\/03\/chocolats-assortiments-500x500-300x300.jpg\" class=\"attachment-woocommerce_thumbnail size-woocommerce_thumbnail\" alt=\"Les chocolats\" srcset=\"https:\/\/www.patisserie-blanleil.fr\/wp-content\/uploads\/2016\/03\/chocolats-assortiments-500x500-300x300.jpg 300w, https:\/\/www.patisserie-blanleil.fr\/wp-content\/uploads\/2016\/03\/chocolats-assortiments-500x500-100x100.jpg 100w, https:\/\/www.patisserie-blanleil.fr\/wp-content\/uploads\/2016\/03\/chocolats-assortiments-500x500-150x150.jpg 150w, https:\/\/www.patisserie-blanleil.fr\/wp-content\/uploads\/2016\/03\/chocolats-assortiments-500x500.jpg 500w\" sizes=\"auto, (max-width: 300px) 100vw, 300px\" \/>\t\t<\/a>\n\t\t<div class=\"ci-product-meta\">\n\n\t\t\t<div class=\"ci-producttitle-container\">\n\t\t\t\t<div class=\"ci-title-shop\">\n\t\t\t\t\t<a href=\"https:\/\/www.patisserie-blanleil.fr\/?product=chocolats&#038;lang=fr\" class=\"ci-title-shop-link\">\n\t\t\t\t\t\t<h3>Les chocolats<\/h3>\n\t\t\t\t\t<\/a>\n\t\t\t\t\t<div class=\"posted_in\"><a href=\"https:\/\/www.patisserie-blanleil.fr\/?product_cat=confiserie&#038;lang=fr\" rel=\"tag\">Confiserie<\/a><\/div>\t\t\t\t\t<span class=\"ci-shortdesc-container\">\n\t\t\t\t\t\t<p>Choisissez votre assortiment parmi le vaste de choix de chocolats : chocolat noir, amande, caramel&#8230;<\/p>\n\t\t\t\t\t<\/span>\n\t\t\t\t<\/div>\n\t\t\t<\/div>\n\t\t\t<div class=\"ci-price ci-action-container\">\n\t\t\t\t<div class=\"ci-action-price-container\">\n\t\t\t\t\t\n\t\t\t\t<\/div>\n\t\t\t\t<div class=\"ci-action-cartlink-container\">\n\t\t\t\t\t\t\t\t\t\t\t\t\t\t\t<a href=\"https:\/\/www.patisserie-blanleil.fr\/?product=chocolats&amp;lang=fr\" rel=\"nofollow\" data-product_id=\"80\" data-product_sku=\"\" data-quantity=\"1\" class=\"button  product_type_variable\">\n\t\t\t\t\t\t<div class=\"icon-cart\"><\/div>\n\t\t\t\t\t<\/a>\n\t\t\t\t<\/div>\n\t\t\t<\/div>\n\t\t\t<span class=\"ci-clear\"><\/span>\n\t\t<\/div>\n\t\t<span class=\"ci-clear\"><\/span>\n\n\t<\/div>\n<\/li><\/ul>\n<\/div>[\/vc_column_text][vc_text_separator title=\u00a0\u00bbP\u00e2tisserie\u00a0\u00bb el_class=\u00a0\u00bbci-themecolor2&Prime;][vc_column_text]<div class=\"woocommerce columns-3 \"><ul class=\"products columns-3\">\n\t\t\t\t<li class=\"std col-xs-12 col-sm-6 col-md-4 first post-472 product type-product status-publish has-post-thumbnail product_cat-patisserie  instock featured taxable shipping-taxable product-type-simple\">\n\t<div class=\"ci-product\">\n\n\t\t<a href=\"https:\/\/www.patisserie-blanleil.fr\/?product=entremets&#038;lang=fr\" class=\"woocommerce-LoopProduct-link woocommerce-loop-product__link\">\n\t\t<a href=\"https:\/\/www.patisserie-blanleil.fr\/?product=entremets&#038;lang=fr\" class=\"ci-product-img-container\">\n\t\t\t<img loading=\"lazy\" decoding=\"async\" width=\"300\" height=\"300\" src=\"https:\/\/www.patisserie-blanleil.fr\/wp-content\/uploads\/2016\/03\/entremets-3-300x300.jpg\" class=\"attachment-woocommerce_thumbnail size-woocommerce_thumbnail\" alt=\"Entremets\" srcset=\"https:\/\/www.patisserie-blanleil.fr\/wp-content\/uploads\/2016\/03\/entremets-3-300x300.jpg 300w, https:\/\/www.patisserie-blanleil.fr\/wp-content\/uploads\/2016\/03\/entremets-3-100x100.jpg 100w, https:\/\/www.patisserie-blanleil.fr\/wp-content\/uploads\/2016\/03\/entremets-3-150x150.jpg 150w, https:\/\/www.patisserie-blanleil.fr\/wp-content\/uploads\/2016\/03\/entremets-3.jpg 500w\" sizes=\"auto, (max-width: 300px) 100vw, 300px\" \/>\t\t<\/a>\n\t\t<div class=\"ci-product-meta\">\n\n\t\t\t<div class=\"ci-producttitle-container\">\n\t\t\t\t<div class=\"ci-title-shop\">\n\t\t\t\t\t<a href=\"https:\/\/www.patisserie-blanleil.fr\/?product=entremets&#038;lang=fr\" class=\"ci-title-shop-link\">\n\t\t\t\t\t\t<h3>Entremets<\/h3>\n\t\t\t\t\t<\/a>\n\t\t\t\t\t<div class=\"posted_in\"><a href=\"https:\/\/www.patisserie-blanleil.fr\/?product_cat=patisserie&#038;lang=fr\" rel=\"tag\">P\u00e2tisserie<\/a><\/div>\t\t\t\t\t<span class=\"ci-shortdesc-container\">\n\t\t\t\t\t\t<p>Nous proposons une large gamme d&rsquo;entremets, lunchs et tartes dont vous nous donnons un aper\u00e7u ici.<\/p>\n<p>Ces entremets sont \u00e0 commander directement sur place \u00e0 la p\u00e2tisserie ou...\t\t\t\t\t<\/span>\n\t\t\t\t<\/div>\n\t\t\t<\/div>\n\t\t\t<div class=\"ci-price ci-action-container\">\n\t\t\t\t<div class=\"ci-action-price-container\">\n\t\t\t\t\t\n\t\t\t\t<\/div>\n\t\t\t\t<div class=\"ci-action-cartlink-container\">\n\t\t\t\t\t\t\t\t\t\t\t\t\t\t\t<a href=\"?add-to-cart=472\" rel=\"nofollow\" data-product_id=\"80\" data-product_sku=\"\" data-quantity=\"1\" class=\"button  product_type_variable\">\n\t\t\t\t\t\t<div class=\"icon-cart\"><\/div>\n\t\t\t\t\t<\/a>\n\t\t\t\t<\/div>\n\t\t\t<\/div>\n\t\t\t<span class=\"ci-clear\"><\/span>\n\t\t<\/div>\n\t\t<span class=\"ci-clear\"><\/span>\n\n\t<\/div>\n<\/li>\t\t\t\t<li class=\"std col-xs-12 col-sm-6 col-md-4 last post-468 product type-product status-publish has-post-thumbnail product_cat-patisserie first instock featured taxable shipping-taxable product-type-simple\">\n\t<div class=\"ci-product\">\n\n\t\t<a href=\"https:\/\/www.patisserie-blanleil.fr\/?product=gateau-danniversaire&#038;lang=fr\" class=\"woocommerce-LoopProduct-link woocommerce-loop-product__link\">\n\t\t<a href=\"https:\/\/www.patisserie-blanleil.fr\/?product=gateau-danniversaire&#038;lang=fr\" class=\"ci-product-img-container\">\n\t\t\t<img loading=\"lazy\" decoding=\"async\" width=\"300\" height=\"300\" src=\"https:\/\/www.patisserie-blanleil.fr\/wp-content\/uploads\/2016\/09\/gateau-theme-5-300x300.jpg\" class=\"attachment-woocommerce_thumbnail size-woocommerce_thumbnail\" alt=\"Gateaux \u00e0 th\u00e8mes\" srcset=\"https:\/\/www.patisserie-blanleil.fr\/wp-content\/uploads\/2016\/09\/gateau-theme-5-300x300.jpg 300w, https:\/\/www.patisserie-blanleil.fr\/wp-content\/uploads\/2016\/09\/gateau-theme-5-100x100.jpg 100w, https:\/\/www.patisserie-blanleil.fr\/wp-content\/uploads\/2016\/09\/gateau-theme-5-150x150.jpg 150w, https:\/\/www.patisserie-blanleil.fr\/wp-content\/uploads\/2016\/09\/gateau-theme-5.jpg 500w\" sizes=\"auto, (max-width: 300px) 100vw, 300px\" \/>\t\t<\/a>\n\t\t<div class=\"ci-product-meta\">\n\n\t\t\t<div class=\"ci-producttitle-container\">\n\t\t\t\t<div class=\"ci-title-shop\">\n\t\t\t\t\t<a href=\"https:\/\/www.patisserie-blanleil.fr\/?product=gateau-danniversaire&#038;lang=fr\" class=\"ci-title-shop-link\">\n\t\t\t\t\t\t<h3>Gateaux \u00e0 th\u00e8mes<\/h3>\n\t\t\t\t\t<\/a>\n\t\t\t\t\t<div class=\"posted_in\"><a href=\"https:\/\/www.patisserie-blanleil.fr\/?product_cat=patisserie&#038;lang=fr\" rel=\"tag\">P\u00e2tisserie<\/a><\/div>\t\t\t\t\t<span class=\"ci-shortdesc-container\">\n\t\t\t\t\t\t<p>Selon le th\u00e8me de vos \u00e9v\u00e9nements, nous vous proposons de personnaliser vos desserts :<\/p>\n<ul>\n<li>bapt\u00eame, mariage,<\/li>\n<li>anniversaire,<\/li>\n<li>soir\u00e9e \u00e0 th\u00e8mes,<\/li>\n<li>repas...\t\t\t\t\t<\/span>\n\t\t\t\t<\/div>\n\t\t\t<\/div>\n\t\t\t<div class=\"ci-price ci-action-container\">\n\t\t\t\t<div class=\"ci-action-price-container\">\n\t\t\t\t\t\n\t\t\t\t<\/div>\n\t\t\t\t<div class=\"ci-action-cartlink-container\">\n\t\t\t\t\t\t\t\t\t\t\t\t\t\t\t<a href=\"?add-to-cart=468\" rel=\"nofollow\" data-product_id=\"80\" data-product_sku=\"\" data-quantity=\"1\" class=\"button  product_type_variable\">\n\t\t\t\t\t\t<div class=\"icon-cart\"><\/div>\n\t\t\t\t\t<\/a>\n\t\t\t\t<\/div>\n\t\t\t<\/div>\n\t\t\t<span class=\"ci-clear\"><\/span>\n\t\t<\/div>\n\t\t<span class=\"ci-clear\"><\/span>\n\n\t<\/div>\n<\/li>\t\t\t\t<li class=\"std col-xs-12 col-sm-6 col-md-4 post-466 product type-product status-publish has-post-thumbnail product_cat-patisserie last instock featured taxable shipping-taxable product-type-simple\">\n\t<div class=\"ci-product\">\n\n\t\t<a href=\"https:\/\/www.patisserie-blanleil.fr\/?product=piece-montee&#038;lang=fr\" class=\"woocommerce-LoopProduct-link woocommerce-loop-product__link\">\n\t\t<a href=\"https:\/\/www.patisserie-blanleil.fr\/?product=piece-montee&#038;lang=fr\" class=\"ci-product-img-container\">\n\t\t\t<img loading=\"lazy\" decoding=\"async\" width=\"300\" height=\"300\" src=\"https:\/\/www.patisserie-blanleil.fr\/wp-content\/uploads\/2016\/03\/piece-montee-300x300.jpg\" class=\"attachment-woocommerce_thumbnail size-woocommerce_thumbnail\" alt=\"Pi\u00e8ces mont\u00e9es\" srcset=\"https:\/\/www.patisserie-blanleil.fr\/wp-content\/uploads\/2016\/03\/piece-montee-300x300.jpg 300w, https:\/\/www.patisserie-blanleil.fr\/wp-content\/uploads\/2016\/03\/piece-montee-100x100.jpg 100w, https:\/\/www.patisserie-blanleil.fr\/wp-content\/uploads\/2016\/03\/piece-montee-150x150.jpg 150w\" sizes=\"auto, (max-width: 300px) 100vw, 300px\" \/>\t\t<\/a>\n\t\t<div class=\"ci-product-meta\">\n\n\t\t\t<div class=\"ci-producttitle-container\">\n\t\t\t\t<div class=\"ci-title-shop\">\n\t\t\t\t\t<a href=\"https:\/\/www.patisserie-blanleil.fr\/?product=piece-montee&#038;lang=fr\" class=\"ci-title-shop-link\">\n\t\t\t\t\t\t<h3>Pi\u00e8ces mont\u00e9es<\/h3>\n\t\t\t\t\t<\/a>\n\t\t\t\t\t<div class=\"posted_in\"><a href=\"https:\/\/www.patisserie-blanleil.fr\/?product_cat=patisserie&#038;lang=fr\" rel=\"tag\">P\u00e2tisserie<\/a><\/div>\t\t\t\t\t<span class=\"ci-shortdesc-container\">\n\t\t\t\t\t\t<p>Commandez vos pi\u00e8ces mont\u00e9es sur-mesure, parmi un vaste choix de compositions classiques et originales.\u00a0Nous vous proposons un large choix de pi\u00e8ces mont\u00e9es qui sauront s&rsquo;adapt...\t\t\t\t\t<\/span>\n\t\t\t\t<\/div>\n\t\t\t<\/div>\n\t\t\t<div class=\"ci-price ci-action-container\">\n\t\t\t\t<div class=\"ci-action-price-container\">\n\t\t\t\t\t\n\t\t\t\t<\/div>\n\t\t\t\t<div class=\"ci-action-cartlink-container\">\n\t\t\t\t\t\t\t\t\t\t\t\t\t\t\t<a href=\"?add-to-cart=466\" rel=\"nofollow\" data-product_id=\"80\" data-product_sku=\"\" data-quantity=\"1\" class=\"button  product_type_variable\">\n\t\t\t\t\t\t<div class=\"icon-cart\"><\/div>\n\t\t\t\t\t<\/a>\n\t\t\t\t<\/div>\n\t\t\t<\/div>\n\t\t\t<span class=\"ci-clear\"><\/span>\n\t\t<\/div>\n\t\t<span class=\"ci-clear\"><\/span>\n\n\t<\/div>\n<\/li><\/ul>\n<\/div>[\/vc_column_text][vc_column_text]<div class=\"woocommerce columns-4\"><\/div>[\/vc_column_text][\/vc_column][\/vc_row][vc_row full_width=\u00a0\u00bbstretch_row\u00a0\u00bb parallax=\u00a0\u00bbcontent-moving\u00a0\u00bb parallax_image=\u00a0\u00bb617&Prime; parallax_speed_bg=\u00a0\u00bb3&Prime; css=\u00a0\u00bb.vc_custom_1669111094998{margin-bottom: 100px !important;padding-top: 100px !important;padding-bottom: 100px !important;}\u00a0\u00bb][vc_column][vc_column_text css=\u00a0\u00bb.vc_custom_1669112835924{margin-top: 100px !important;margin-bottom: 100px !important;}\u00a0\u00bb]<\/p>\n<h2 style=\"text-align: center;\"><span style=\"color: #d254d8;\">Faites une pause, osez la Figue de Bourg.<\/span><\/h2>\n<h4 style=\"text-align: center;\"><span style=\"color: #a92faf;\">(nous faisons aussi salon de th\u00e9)<\/span><\/h4>\n<p>[\/vc_column_text][\/vc_column][\/vc_row][vc_row][vc_column][vc_text_separator title=\u00a0\u00bbMaison Blanleil\u00a0\u00bb][vc_row_inner][vc_column_inner width=\u00a0\u00bb1\/3&Prime; css=\u00a0\u00bb.vc_custom_1669124310726{background-color: #ffffff !important;}\u00a0\u00bb][vc_single_image image=\u00a0\u00bb877&Prime; img_size=\u00a0\u00bblarge\u00a0\u00bb alignment=\u00a0\u00bbcenter\u00a0\u00bb][vc_column_text css=\u00a0\u00bb.vc_custom_1669125521693{background-color: #ffffff !important;}\u00a0\u00bb]<\/p>\n<div class=\"vc_custom_heading vc_gitem-post-data vc_gitem-post-data-source-post_title\">\n<h4 style=\"text-align: center;\">Traiteurs<\/h4>\n<\/div>\n<div class=\"vc_custom_heading vc_gitem-post-data vc_gitem-post-data-source-post_excerpt\">\n<p style=\"text-align: center;\">Composez un buffet dessert qui sort de l\u2019ordinaire en choisissant parmi notre vaste gamme d\u2019entremets et confiseries typiques de la r\u00e9gion.<\/p>\n<p style=\"text-align: center;\"><a target=\"_self\" class=\"ci-button large purple round\" href=\"https:\/\/www.patisserie-blanleil.fr\/?page_id=548&amp;lang=fr\"> Notre offre <\/a><\/p>\n<\/div>\n<p>[\/vc_column_text][\/vc_column_inner][vc_column_inner width=\u00a0\u00bb1\/3&Prime; css=\u00a0\u00bb.vc_custom_1669124368832{background-color: #ffffff !important;}\u00a0\u00bb][vc_single_image image=\u00a0\u00bb863&Prime; img_size=\u00a0\u00bblarge\u00a0\u00bb][vc_column_text]<\/p>\n<div class=\"vc_custom_heading vc_gitem-post-data vc_gitem-post-data-source-post_title\">\n<h4 style=\"text-align: center;\">La Figue de Bourg<\/h4>\n<\/div>\n<div class=\"vc_custom_heading vc_gitem-post-data vc_gitem-post-data-source-post_excerpt\">\n<p style=\"text-align: center;\">L\u2019histoire nous raconte que le jeune Roi Louis XIV, en promenade dans un jardin de la ville de Bourg en 1650, voulut cueillir une figue.<\/p>\n<p style=\"text-align: center;\"><a target=\"_self\" class=\"ci-button large purple round\" href=\"https:\/\/www.patisserie-blanleil.fr\/?page_id=551&amp;lang=fr\"> L&rsquo;histoire <\/a><\/p>\n<\/div>\n<p>[\/vc_column_text][\/vc_column_inner][vc_column_inner width=\u00a0\u00bb1\/3&Prime; css=\u00a0\u00bb.vc_custom_1669125218911{background-color: #ffffff !important;}\u00a0\u00bb][vc_single_image image=\u00a0\u00bb1587&Prime; img_size=\u00a0\u00bblarge\u00a0\u00bb css=\u00a0\u00bb.vc_custom_1669125095667{background-color: #ffffff !important;}\u00a0\u00bb][vc_column_text]<\/p>\n<div class=\"vc_custom_heading vc_gitem-post-data vc_gitem-post-data-source-post_title\">\n<h4 style=\"text-align: center;\">La Maison Blanleil<\/h4>\n<\/div>\n<div class=\"vc_custom_heading vc_gitem-post-data vc_gitem-post-data-source-post_excerpt\">\n<p style=\"text-align: center;\">C\u2019est en rachetant la Maison Maritch fond\u00e9e en 1984, que Karine et Fr\u00e9d\u00e9ric Blanleil se lancent dans l\u2019aventure en 2010.<\/p>\n<p style=\"text-align: center;\"><a target=\"_self\" class=\"ci-button large purple round\" href=\"https:\/\/www.patisserie-blanleil.fr\/?page_id=545&amp;lang=fr\"> D\u00e9couvrir <\/a><\/p>\n<\/div>\n<p>[\/vc_column_text][\/vc_column_inner][\/vc_row_inner][\/vc_column][\/vc_row][vc_row][vc_column][vc_empty_space height=\u00a0\u00bb50px\u00a0\u00bb][vc_row_inner][vc_column_inner width=\u00a0\u00bb1\/6&Prime;][\/vc_column_inner][vc_column_inner width=\u00a0\u00bb2\/3&Prime;][vc_column_text]<\/p>\n<h2 style=\"text-align: center;\">Visite virtuelle de notre salon de th\u00e9.<\/h2>\n<p>[\/vc_column_text][vc_raw_html]JTNDaWZyYW1lJTIwc3JjJTNEJTIyaHR0cHMlM0ElMkYlMkZ3d3cuZ29vZ2xlLmNvbSUyRm1hcHMlMkZlbWJlZCUzRnBiJTNEJTIxNHYxNjcxMDMzODc3MzU2JTIxNm04JTIxMW03JTIxMXNDQW9TTEVGR01WRnBjRTFVY1dGSmNWSkRhVFJKVUdabFZUWlBNRlJrVjFCaFpWUTVRV2hXYkZSWFZUbHNja1JZJTIxMm0yJTIxMWQ0NS4wMzk2MjAyMDAyMjMlMjEyZC0wLjU1OTIzOTU4NDkxMTc0JTIxM2YzNDAlMjE0ZjIwJTIxNWYwLjc4MjA4NjU5NzQ2Mjc0NjklMjIlMjB3aWR0aCUzRCUyMjcwMCUyMiUyMGhlaWdodCUzRCUyMjUyNSUyMiUyMHN0eWxlJTNEJTIyYm9yZGVyJTNBMCUzQiUyMiUyMGFsbG93ZnVsbHNjcmVlbiUzRCUyMiUyMiUyMGxvYWRpbmclM0QlMjJsYXp5JTIyJTIwcmVmZXJyZXJwb2xpY3klM0QlMjJuby1yZWZlcnJlci13aGVuLWRvd25ncmFkZSUyMiUzRSUzQyUyRmlmcmFtZSUzRQ==[\/vc_raw_html][vc_column_text]<\/p>\n<h3 style=\"text-align: center;\">Poussez la porte de notre salon de th\u00e9, et d\u00e9gustez l&rsquo;authentique figue de Bourg, nos chocolats ou nos patisseries maison le temps d&rsquo;un caf\u00e9 ou d&rsquo;un th\u00e9.<\/h3>\n<p>[\/vc_column_text][\/vc_column_inner][vc_column_inner width=\u00a0\u00bb1\/6&Prime;][\/vc_column_inner][\/vc_row_inner][vc_empty_space height=\u00a0\u00bb50px\u00a0\u00bb][\/vc_column][\/vc_row][vc_row][vc_column][vc_masonry_media_grid element_width=\u00a0\u00bb6&Prime; grid_id=\u00a0\u00bbvc_gid:1671036346748-eb5259a0-4a51-2&Prime; include=\u00a0\u00bb1617,1616,1615,1614&Prime;][\/vc_column][\/vc_row]<\/p>\n","protected":false},"excerpt":{"rendered":"<p>[vc_row content_placement=\u00a0\u00bbtop\u00a0\u00bb][vc_column][\/vc_column][\/vc_row][vc_row][vc_column width=\u00a0\u00bb1\/3&Prime;][vc_column_text] 100%\u00a0artisanal Nos produits sont confectionn\u00e9s sur place et garantis sans cong\u00e9lation, nous vous garantissons toujours un produit artisanal. [\/vc_column_text][\/vc_column][vc_column width=\u00a0\u00bb1\/3&Prime;][vc_column_text] Exp\u00e9di\u00e9 sous\u00a024h [&hellip;]<\/p>\n","protected":false},"author":1,"featured_media":0,"parent":0,"menu_order":0,"comment_status":"closed","ping_status":"closed","template":"template_homepage.php","meta":{"footnotes":""},"class_list":["post-333","page","type-page","status-publish","hentry"],"_links":{"self":[{"href":"https:\/\/www.patisserie-blanleil.fr\/index.php?rest_route=\/wp\/v2\/pages\/333","targetHints":{"allow":["GET"]}}],"collection":[{"href":"https:\/\/www.patisserie-blanleil.fr\/index.php?rest_route=\/wp\/v2\/pages"}],"about":[{"href":"https:\/\/www.patisserie-blanleil.fr\/index.php?rest_route=\/wp\/v2\/types\/page"}],"author":[{"embeddable":true,"href":"https:\/\/www.patisserie-blanleil.fr\/index.php?rest_route=\/wp\/v2\/users\/1"}],"replies":[{"embeddable":true,"href":"https:\/\/www.patisserie-blanleil.fr\/index.php?rest_route=%2Fwp%2Fv2%2Fcomments&post=333"}],"version-history":[{"count":92,"href":"https:\/\/www.patisserie-blanleil.fr\/index.php?rest_route=\/wp\/v2\/pages\/333\/revisions"}],"predecessor-version":[{"id":1619,"href":"https:\/\/www.patisserie-blanleil.fr\/index.php?rest_route=\/wp\/v2\/pages\/333\/revisions\/1619"}],"wp:attachment":[{"href":"https:\/\/www.patisserie-blanleil.fr\/index.php?rest_route=%2Fwp%2Fv2%2Fmedia&parent=333"}],"curies":[{"name":"wp","href":"https:\/\/api.w.org\/{rel}","templated":true}]}}